{"id":1470,"date":"2022-06-13T18:52:55","date_gmt":"2022-06-13T18:52:55","guid":{"rendered":"https:\/\/marcelopetraglia.com.br\/?page_id=1470"},"modified":"2026-04-30T16:12:55","modified_gmt":"2026-04-30T16:12:55","slug":"marcelo","status":"publish","type":"page","link":"https:\/\/marcelopetraglia.com.br\/?page_id=1470","title":{"rendered":""},"content":{"rendered":"\n<div class=\"wp-block-advgb-columns advgb-columns-wrapper\" id=\"advgb-cols-3ac7dfa7-2999-4d47-9fa7-18796cce70e1\"><div class=\"advgb-columns-container\"><div class=\"advgb-columns advgb-columns-row advgb-is-mobile advgb-columns-2 layout-12-12 mbl-layout-stacked gutter-40 vgutter-10\">\n<div class=\"wp-block-advgb-column advgb-column\" id=\"advgb-col-7c5913a1-eb2f-4c35-b570-5a5a783d1486\"><div class=\"advgb-column-inner\" style=\"border-style:none;border-width:1px\">\n<p><strong>Marcelo S. Petraglia &#8211; 1961<\/strong><\/p>\n\n\n\n<p>Dedico-me \u00e0 doc\u00eancia, composi\u00e7\u00e3o musical, cria\u00e7\u00e3o de instrumentos, escrita e tradu\u00e7\u00e3o de textos, tendo como interesse de meus estudos os fen\u00f4menos musicais, sonoros e vibrat\u00f3rios e sua rela\u00e7\u00e3o com o ser humano e o meio ambiente. Busco em meu trabalho novas possibilidades e significados para o fazer musical e a intera\u00e7\u00e3o social.<\/p>\n\n\n\n<p>Sou apaixonado por m\u00fasica, filosofia e pelo mar. Sempre que poss\u00edvel procuro contemplar o horizonte. Sigo tentando me entender na esperan\u00e7a de conseguir sair desta vida um pouco melhor do que entrei.<\/p>\n\n\n\n<p><\/p>\n<\/div><\/div>\n\n\n\n<div class=\"wp-block-advgb-column advgb-column\" id=\"advgb-col-510c2a18-ccf1-48e9-afc8-71c506890c0d\"><div class=\"advgb-column-inner\" style=\"border-style:none;border-width:1px\">\n<div class=\"wp-block-advgb-images-slider advgb-images-slider-block advg-images-slider-a64e94a0-b2d0-4d33-bc9b-051db25892d2\"><div class=\"advgb-images-slider\" dir=\"ltr\"><div class=\"advgb-image-slider-item\"><img decoding=\"async\" src=\"https:\/\/marcelopetraglia.com.br\/mp\/wp-content\/uploads\/2015\/06\/mp_antmus.jpg\" class=\"advgb-image-slider-img\" alt=\"\" style=\"width:100%;height:auto\"\/><div class=\"advgb-image-slider-item-info\" style=\"justify-content:center;align-items:center\"><\/div><\/div><div class=\"advgb-image-slider-item\"><img decoding=\"async\" src=\"https:\/\/marcelopetraglia.com.br\/mp\/wp-content\/uploads\/2015\/06\/mp_aula.jpg\" class=\"advgb-image-slider-img\" alt=\"\" style=\"width:100%;height:auto\"\/><div class=\"advgb-image-slider-item-info\" style=\"justify-content:center;align-items:center\"><\/div><\/div><div class=\"advgb-image-slider-item\"><img decoding=\"async\" src=\"https:\/\/marcelopetraglia.com.br\/mp\/wp-content\/uploads\/2015\/06\/mp_parqueeco.jpg\" class=\"advgb-image-slider-img\" alt=\"\" style=\"width:100%;height:auto\"\/><div class=\"advgb-image-slider-item-info\" style=\"justify-content:center;align-items:center\"><\/div><\/div><div class=\"advgb-image-slider-item\"><img decoding=\"async\" src=\"https:\/\/marcelopetraglia.com.br\/mp\/wp-content\/uploads\/2015\/06\/mp_porto.jpg\" class=\"advgb-image-slider-img\" alt=\"\" style=\"width:100%;height:auto\"\/><div class=\"advgb-image-slider-item-info\" style=\"justify-content:center;align-items:center\"><\/div><\/div><div class=\"advgb-image-slider-item\"><img decoding=\"async\" src=\"https:\/\/marcelopetraglia.com.br\/mp\/wp-content\/uploads\/2015\/06\/mp_reco.jpg\" class=\"advgb-image-slider-img\" alt=\"\" style=\"width:100%;height:auto\"\/><div class=\"advgb-image-slider-item-info\" style=\"justify-content:center;align-items:center\"><\/div><\/div><\/div><\/div>\n<\/div><\/div>\n<\/div><\/div><\/div>\n\n\n\n<p><strong>forma\u00e7\u00e3o musical b\u00e1sica<\/strong><\/p>\n\n\n\n<ul class=\"wp-block-list\">\n<li>Ensino Fundamental na Escola Rudolf Steiner de S\u00e3o Paulo, onde iniciei meus estudos de Canto Coral e Flauta Doce.<\/li>\n\n\n\n<li>Teoria Musical com M. L\u00facia Paschoal<\/li>\n\n\n\n<li>Aluno da Funda\u00e7\u00e3o das Artes de S\u00e3o Caetano do Sul \u2013 SP<\/li>\n\n\n\n<li>Estudo de clarinete com Leonardo Righi e Marcelo Gutierez<\/li>\n\n\n\n<li>Estudou Harmonia, Contra-Ponto e An\u00e1lise com Ricardo Rizek<\/li>\n\n\n\n<li>Clarinetista bolsista da Orquestra Sinf\u00f4nica Jovem Municipal de S\u00e3o Paulo<\/li>\n<\/ul>\n\n\n\n<p><strong>forma\u00e7\u00e3o acad\u00eamica<\/strong><\/p>\n\n\n\n<ul class=\"wp-block-list\">\n<li>Licenciatura com habilita\u00e7\u00e3o em m\u00fasica pela Escola de Comunica\u00e7\u00f5es e Artes da USP &#8211; S\u00e3o Paulo &#8211; SP.<\/li>\n\n\n\n<li>Especialista em Musicoterapia Hospitalar e Organizacional pela FMU &#8211; S\u00e3o Paulo &#8211; SP<\/li>\n\n\n\n<li>Mestre em Biologia Geral e Aplicada pelo Instituto de Bioci\u00eancias da UNESP \u2013 Botucatu &#8211; SP<\/li>\n\n\n\n<li>Doutor em Psicologia Social pelo Instituto de Psicologia da USP &#8211; S\u00e3o Paulo &#8211; SP<\/li>\n<\/ul>\n\n\n\n<p><a href=\"http:\/\/lattes.cnpq.br\/4132034082959952\"><strong>Curr\u00edculo Lattes<\/strong><\/a><\/p>\n\n\n\n<p><strong>forma\u00e7\u00e3o complementar<\/strong><\/p>\n\n\n\n<ul class=\"wp-block-list\">\n<li>Estudou no Emerson College \u2013 Inglaterra (Ursula K\u00f6epf \u2013 canto; Carol Fraser &#8211; teoria musical; Michael Deason-Barrow &#8211; canto e pr\u00e1ticas musicas).<\/li>\n\n\n\n<li>Estagiou na Nibble Skoolan (Su\u00e9cia) com P\u00e4r Ahlbom &#8211; improvisa\u00e7\u00e3o e jogos musicais.<\/li>\n\n\n\n<li>Foi assistente de Manfred Bleffert na Musikalisch-Plastische Arbeitsst\u00e4tte \u2013 Alemanha trabalhando na pesquisa e constru\u00e7\u00e3o de instrumentos de metal.<\/li>\n\n\n\n<li>Biopsicologia pelo Instituto Vis\u00e3o Futuro.<\/li>\n\n\n\n<li>The Body as a Harp &#8211; Level 1 Tama-do Academy \u2013 Fran\u00e7a.<\/li>\n<\/ul>\n\n\n\n<p><strong>projetos atuais<\/strong><\/p>\n\n\n\n<ul class=\"wp-block-list\">\n<li><a href=\"https:\/\/frs.edu.br\" target=\"_blank\" rel=\"noopener\"><strong>Faculdade Rudolf Steiner<\/strong><\/a> &#8211; docente e coordenador da P\u00f3s Gradua\u00e7\u00e3o em Educa\u00e7\u00e3o Musical Waldorf<\/li>\n\n\n\n<li><a href=\"https:\/\/marcelopetraglia.com.br\/mp\/\"><strong>Estudos Musicais MP<\/strong><\/a> &#8211; organizador e docente<\/li>\n\n\n\n<li><strong><a href=\"https:\/\/www.jardimaurorasjc.org.br\/site\/curso-de-formacao\/\" target=\"_blank\" rel=\"noreferrer noopener\">Curso de Forma\u00e7\u00e3o em Pedagogia Waldorf do Vale do Para\u00edba<\/a><\/strong> &#8211; docente e coordenador<\/li>\n\n\n\n<li><strong><a href=\"https:\/\/www.facebook.com\/people\/ICD-Instituto-de-Criatividade-e-Desenvolvimento\/100063501100619\/\">ICD &#8211; Forma\u00e7\u00e3o no Modelo de Musicoterapia Musicocentrada<\/a><\/strong> &#8211; docente<\/li>\n<\/ul>\n\n\n\n<p><strong>parcerias com empresas que realizam trabalhos no \u00e2mbito organizacional:<\/strong><\/p>\n\n\n\n<ul class=\"wp-block-list\">\n<li>Metan\u00f3ia &#8211; Educa\u00e7\u00e3o nos Neg\u00f3cios \u2013 S\u00e3o Paulo-SP.<\/li>\n\n\n\n<li>ADIGO &#8211; Desenvolvimento Empresarial e Familiar<\/li>\n\n\n\n<li>EcoSocial<\/li>\n<\/ul>\n\n\n\n<p>Atuo desde 1998 em projetos de desenvolvimento organizacional tendo conduzido oficinas com atividades musicais para as seguintes empresas:<\/p>\n\n\n\n<p>Abbott &#8211; Brasil \/ ABN-AMRO \/ Banco Ita\u00fa \/ BASF \/ BBV &#8211; Banco \/ Byof\u00f3rmula \/ Bosch &#8211; Freios \/ C &amp; A \/ Companhia Agr\u00edcola Botucatu \/ Cory &#8211; Produtos Aliment\u00edcios \/ Electrolux \/ Embelleze \/ Embraer \/ Gessy-Lever \/ G-Tec \/ IDC &#8211; Brasil \/ Instituto EcoSocial \/ Irbex &#8211; Confec\u00e7\u00f5es \/ Laborat\u00f3rio Fleury \/ Metanoia \/ Multialloy \/ Natura \/ Novelis \/ O Botic\u00e1rio \/ Orbitall \/ Petrobras \/ Porto Seguro &#8211; Seguros \/ RAW Material &amp; RAW Alum\u00ednio \/ Roche \/ Solair &#8211; Pine Bank \/ SABESP \/ Grupo S\u00e3o Martinho \/ Scania \/ Semco \/ SENAC \/ Shell \/ Siemens \/ Solutia \/ Socks.Co \/ Visanet \/ Weleda.<\/p>\n\n\n\n<p><strong>projetos anteriores<\/strong><\/p>\n\n\n\n<p>Empresa OuvirAtivo, criada em 1994, para pesquisa e produ\u00e7\u00e3o de instrumentos musicais.<br>A oficina OuvirAtivo, produziu durante mais de 15 anos , K\u00e2nteles, Gongos, Metalofones, Mesas Lira, instrumentos especiais para artistas professores, terapeutas e institui\u00e7\u00f5es culturais (veja alguns destes instrumentos <a href=\"https:\/\/marcelopetraglia.com.br\/?p=1211\">aqui<\/a>).<br>Posteriormente, com encerramento das atividades da oficina (a linha de produtos foi transferida para a empresa <a href=\"https:\/\/www.pulsandosom.com.br\/\">PulsandoSom<\/a>), foi criado o Instituto OuvirAtivo, agregando diversos profissionais do campo da m\u00fasica, educa\u00e7\u00e3o e do desenvolvimento organizacional.<br>Entre 2008 e 2021 (quando encerrou suas atividades), o IOA desenvolveu um intenso programa de cursos e oficinas sobre diversos temas relacionados \u00e0 musica e o desenvolvimento humano.<\/p>\n\n\n\n<p><strong>atuou como docente nos seguintes projetos ou institui\u00e7\u00f5es<\/strong><\/p>\n\n\n\n<ul class=\"wp-block-list\">\n<li>Faculdade Santa Marcelina &#8211; P\u00f3s-Gradua\u00e7\u00e3o em Musicoterapia.<\/li>\n\n\n\n<li>CBM &#8211; Centro Biom\u00e9dico da M\u00fasica &#8211; S\u00e3o Jos\u00e9 dos Campos.<\/li>\n\n\n\n<li>Forma\u00e7\u00e3o em Educa\u00e7\u00e3o Musical Waldorf &#8211; C\u00f3rdoba, Argentina.<\/li>\n\n\n\n<li>Compasso Virtual &#8211; Poiesis &#8211; Secretaria de Cultura do Estado de S\u00e3o Paulo.<\/li>\n\n\n\n<li>Projeto de Pr\u00e9 Gradua\u00e7\u00e3o &#8211; Terranova.<\/li>\n\n\n\n<li>Antropom\u00fasica &#8211; Itatiba &#8211; SP.<\/li>\n\n\n\n<li>FMU &#8211; P\u00f3s Gradua\u00e7\u00e3o em Musicoterapia.<\/li>\n\n\n\n<li>Curso de Post Grado en Herramientas de Musicoterapia Antroposofica (ADMAC \u2013 Col\u00f4mbia).<\/li>\n\n\n\n<li>Associa\u00e7\u00e3o Sophia de Educa\u00e7\u00e3o Antropos\u00f3fica.<\/li>\n\n\n\n<li>Curso de forma\u00e7\u00e3o para m\u00fasicos atuantes em hospitais e institui\u00e7\u00f5es de longa perman\u00eancia &#8211; Hospital Premier &#8211; S\u00e3o Paulo-SP.<\/li>\n\n\n\n<li>Col\u00e9gio Waldorf Micael &#8211; S\u00e3o Paulo \u2013 SP.<\/li>\n\n\n\n<li>Escola Waldorf Aitiara &#8211; Botucatu \u2013 SP.<\/li>\n\n\n\n<li>Centro de Forma\u00e7\u00e3o de Professores Waldorf \u2013 SP.<\/li>\n\n\n\n<li>Semin\u00e1rio Waldorf de Campinas \u2013 SP.<\/li>\n\n\n\n<li>Escola de Euritmia de S\u00e3o Paulo \u2013 SP.<\/li>\n\n\n\n<li>Semin\u00e1rio de professores Waldorf de C\u00f3rdoba &#8211; Argentina.<\/li>\n\n\n\n<li>Instituto Elo &#8211; Botucatu \u2013 SP.<\/li>\n\n\n\n<li>Instituto Vis\u00e3o Futuro &#8211; Porangaba-SP.<\/li>\n\n\n\n<li>Associa\u00e7\u00e3o Tr\u00eas Fontes &#8211; Campinas-SP.<\/li>\n\n\n\n<li>Associa\u00e7\u00e3o Sagres &#8211; Florian\u00f3polis.<\/li>\n\n\n\n<li>Projeto Educa\u00e7\u00e3o &#8211; AJFAC &#8211; Associa\u00e7\u00e3o Joseense para o Fomento da Arte e da Cultura &#8211; desenvolvimento musical para professores da Rede Municipal de S\u00e3o Jos\u00e9 dos Campos.<\/li>\n\n\n\n<li>Capacita\u00e7\u00e3o de ADIs na Secretaria Municipal de Educa\u00e7\u00e3o &#8211; Jacare\u00ed &#8211; SP.<\/li>\n\n\n\n<li>Funda\u00e7\u00e3o Dom Cabral \u2013 MG.<\/li>\n\n\n\n<li>Circuito Gest\u00e3o &#8211; Secretaria do Estado da Educa\u00e7\u00e3o de S\u00e3o Paulo &#8211; SP.<\/li>\n\n\n\n<li>ABMA &#8211; Associa\u00e7\u00e3o Brasileira de Medicina Antropos\u00f3fica.<\/li>\n\n\n\n<li>De 1990 a 2004 foi docente e coordenador do SEPAPA &#8211; Semin\u00e1rio de Pedagogia Antropos\u00f3fica para Professores Atuantes &#8211; Botucatu &#8211; SP.<\/li>\n\n\n\n<li>IA &#8211; UNESP &#8211; Especializa\u00e7\u00e3o em Arte Terapia.<\/li>\n\n\n\n<li>UniSanta &#8211; Santos-SP &#8211; Fundamentos da Pedagogia Waldorf.<\/li>\n\n\n\n<li>Centro Universit\u00e1rio Uni\u00cdtalo.<\/li>\n\n\n\n<li>Instituto Singularidades &#8211; P\u00f3s Gradua\u00e7\u00e3o em &#8220;Autoconhecimento para a Forma\u00e7\u00e3o do Educador&#8221;.<\/li>\n\n\n\n<li>Conservat\u00f3rio Brasileiro de M\u00fasica &#8211; Rio de Janeiro-RJ.<\/li>\n\n\n\n<li>Universidade Sagrado Cora\u00e7\u00e3o &#8211; Bauru-SP.<\/li>\n<\/ul>\n\n\n\n<p><strong>produ\u00e7\u00e3o art\u00edstica &#8211; principais trabalhos<\/strong><\/p>\n\n\n\n<ul class=\"wp-block-list\">\n<li>A Rixa das Bruxas (2020) com a Cia Terranova.<\/li>\n\n\n\n<li>Na anatomia oca dos p\u00e1ssaros (2018) com a Cia Terranova.<\/li>\n\n\n\n<li>O Rito do Som (2003) \u2013 apresenta\u00e7\u00e3o musical com instrumentos de constru\u00e7\u00e3o pr\u00f3pria.<\/li>\n\n\n\n<li>A P\u00e1scoa dos Elementos (2004) &#8211; para coro feminino, cordas e gongos.<\/li>\n\n\n\n<li>Luminesc\u00eancia (1993) para o Ballet Stagium.<\/li>\n\n\n\n<li>The Conference of the Birds (1994) para o Williams College &#8211; Massachussets (USA).<\/li>\n\n\n\n<li>Os Tr\u00eas Cabelos de Ouro do Diabo (1994), Sonho Nauta (1995) e A Bela L\u00edria e a Serpente Verde (1999) para o Grupo de Euritmia de S\u00e3o Paulo.<\/li>\n\n\n\n<li>CD Terram\u00f3bile (1998).<\/li>\n\n\n\n<li>Duo Instrumental (1994 &#8211; 2001) com Saulo Camargo.<\/li>\n\n\n\n<li>A Hist\u00f3ria do Natal (1998) &#8211; para coro infantil.<\/li>\n\n\n\n<li>Orat\u00f3rio S\u00e3o Jo\u00e3o Batista (1999) &#8211; para coro, bar\u00edtono e tambor.<\/li>\n\n\n\n<li>Entre 1995 e 1997, com o Grupo de Euritmia de S\u00e3o Paulo, apresentou-se em diversas cidades brasileiras, na Argentina e em uma turn\u00ea pela Alemanha, Su\u00ed\u00e7a, \u00c1ustria e Holanda.<\/li>\n<\/ul>\n\n\n\n<p><strong>principais publica\u00e7\u00f5es<\/strong><\/p>\n\n\n\n<ul class=\"wp-block-list\">\n<li>PETRAGLIA, M. S.; ANDRIOLO, A. Contribui\u00e7\u00e3o \u00e1 compreens\u00e3o da musicalidade a partir de uma pesquisa psicosocial. In European Review of Artistic Studies, ISSN 1647-3558, vol. 9, n. 1, pp. 1-19. 2018<\/li>\n\n\n\n<li>PETRAGLIA, M. S. O fazer musical como caminho de conhecimento de si e conhecimento do outro no contexto empresarial. Tese de doutorado apresentada ao programa de P\u00f3s Gradua\u00e7\u00e3o em Psicologia Social do Instituto de Psicologia da USP &#8211; S\u00e3o Paulo &#8211; SP, 2015.<\/li>\n\n\n\n<li>PETRAGLIA, M. S.; QUEIROZ, G. J. P. O fazer musical em di\u00e1logo com a musicoterapia. In European Review of Artistic Studies, ISSN 1647-3558, vol. 4, n. 2, pp. 1-27. 2013<\/li>\n\n\n\n<li>PETRAGLIA, M. S. A m\u00fasica e sua rela\u00e7\u00e3o com o ser humano. Botucatu: OuvirAtivo, 2010.<\/li>\n\n\n\n<li>PETRAGLIA, M. S.; GUERRINI, I.A. Efeitos complexos dos padr\u00f5es sonoros em plantas. in Ensaios sobre caos e complexidade. GUERRINI, I. A. (org). Botucatu: FEPAF, 2009.<\/li>\n\n\n\n<li>PETRAGLIA, M. S. Estudos sobre a a\u00e7\u00e3o de vibra\u00e7\u00f5es ac\u00fasticas e m\u00fasica em organismos vegetais. Disserta\u00e7\u00e3o de mestrado apresentada ao programa de P\u00f3s Gradua\u00e7\u00e3o em Biologia geral e Aplicada do Instituto de Bioci\u00eacias da UNESP \u2013 Botucatu, SP, 2008.<\/li>\n\n\n\n<li>PETRAGLIA, M. S. Figuras Sonoras \u2013 o fen\u00f4meno da intera\u00e7\u00e3o vibra\u00e7\u00e3o subst\u00e2ncia. CDRom Botucatu: OuvirAtivo, 2005.<\/li>\n<\/ul>\n<style class=\"advgb-styles-renderer\">#advgb-col-7c5913a1-eb2f-4c35-b570-5a5a783d1486>.advgb-column-inner{}@media screen and (max-width: 1023px) {#advgb-col-7c5913a1-eb2f-4c35-b570-5a5a783d1486>.advgb-column-inner{}}@media screen and (max-width: 767px) {#advgb-col-7c5913a1-eb2f-4c35-b570-5a5a783d1486>.advgb-column-inner{}}#advgb-col-510c2a18-ccf1-48e9-afc8-71c506890c0d>.advgb-column-inner{}@media screen and (max-width: 1023px) {#advgb-col-510c2a18-ccf1-48e9-afc8-71c506890c0d>.advgb-column-inner{}}@media screen and (max-width: 767px) {#advgb-col-510c2a18-ccf1-48e9-afc8-71c506890c0d>.advgb-column-inner{}}#advgb-cols-3ac7dfa7-2999-4d47-9fa7-18796cce70e1{}@media screen and (max-width: 1023px) {#advgb-cols-3ac7dfa7-2999-4d47-9fa7-18796cce70e1{}}@media screen and (max-width: 767px) {#advgb-cols-3ac7dfa7-2999-4d47-9fa7-18796cce70e1{}}#advgb-col-7c5913a1-eb2f-4c35-b570-5a5a783d1486>.advgb-column-inner{}@media screen and (max-width: 1023px) {#advgb-col-7c5913a1-eb2f-4c35-b570-5a5a783d1486>.advgb-column-inner{}}@media screen and (max-width: 767px) {#advgb-col-7c5913a1-eb2f-4c35-b570-5a5a783d1486>.advgb-column-inner{}}#advgb-col-510c2a18-ccf1-48e9-afc8-71c506890c0d>.advgb-column-inner{}@media screen and (max-width: 1023px) {#advgb-col-510c2a18-ccf1-48e9-afc8-71c506890c0d>.advgb-column-inner{}}@media screen and (max-width: 767px) {#advgb-col-510c2a18-ccf1-48e9-afc8-71c506890c0d>.advgb-column-inner{}}<\/style>","protected":false},"excerpt":{"rendered":"<p>forma\u00e7\u00e3o musical b\u00e1sica forma\u00e7\u00e3o acad\u00eamica Curr\u00edculo Lattes forma\u00e7\u00e3o complementar projetos atuais parcerias com empresas que realizam trabalhos no \u00e2mbito organizacional: Atuo desde 1998 em projetos de desenvolvimento organizacional tendo conduzido oficinas com atividades musicais para as seguintes empresas: Abbott &#8211; Brasil \/ ABN-AMRO \/ Banco Ita\u00fa \/ BASF \/ BBV &#8211; Banco \/ Byof\u00f3rmula \/ [&hellip;]<\/p>\n","protected":false},"author":2,"featured_media":0,"parent":0,"menu_order":0,"comment_status":"closed","ping_status":"closed","template":"","meta":{"_uag_custom_page_level_css":"","advgb_blocks_editor_width":"","advgb_blocks_columns_visual_guide":"","site-sidebar-layout":"default","site-content-layout":"","ast-site-content-layout":"default","site-content-style":"default","site-sidebar-style":"default","ast-global-header-display":"","ast-banner-title-visibility":"","ast-main-header-display":"","ast-hfb-above-header-display":"","ast-hfb-below-header-display":"","ast-hfb-mobile-header-display":"","site-post-title":"","ast-breadcrumbs-content":"","ast-featured-img":"","footer-sml-layout":"","ast-disable-related-posts":"","theme-transparent-header-meta":"","adv-header-id-meta":"","stick-header-meta":"","header-above-stick-meta":"","header-main-stick-meta":"","header-below-stick-meta":"","astra-migrate-meta-layouts":"set","ast-page-background-enabled":"default","ast-page-background-meta":{"desktop":{"background-color":"var(--ast-global-color-4)","background-image":"","background-repeat":"repeat","background-position":"center center","background-size":"auto","background-attachment":"scroll","background-type":"","background-media":"","overlay-type":"","overlay-color":"","overlay-opacity":"","overlay-gradient":""},"tablet":{"background-color":"","background-image":"","background-repeat":"repeat","background-position":"center center","background-size":"auto","background-attachment":"scroll","background-type":"","background-media":"","overlay-type":"","overlay-color":"","overlay-opacity":"","overlay-gradient":""},"mobile":{"background-color":"","background-image":"","background-repeat":"repeat","background-position":"center center","background-size":"auto","background-attachment":"scroll","background-type":"","background-media":"","overlay-type":"","overlay-color":"","overlay-opacity":"","overlay-gradient":""}},"ast-content-background-meta":{"desktop":{"background-color":"var(--ast-global-color-5)","background-image":"","background-repeat":"repeat","background-position":"center center","background-size":"auto","background-attachment":"scroll","background-type":"","background-media":"","overlay-type":"","overlay-color":"","overlay-opacity":"","overlay-gradient":""},"tablet":{"background-color":"var(--ast-global-color-5)","background-image":"","background-repeat":"repeat","background-position":"center center","background-size":"auto","background-attachment":"scroll","background-type":"","background-media":"","overlay-type":"","overlay-color":"","overlay-opacity":"","overlay-gradient":""},"mobile":{"background-color":"var(--ast-global-color-5)","background-image":"","background-repeat":"repeat","background-position":"center center","background-size":"auto","background-attachment":"scroll","background-type":"","background-media":"","overlay-type":"","overlay-color":"","overlay-opacity":"","overlay-gradient":""}},"pgc_sgb_lightbox_settings":"","footnotes":""},"class_list":["post-1470","page","type-page","status-publish","hentry"],"uagb_featured_image_src":{"full":false,"thumbnail":false,"medium":false,"medium_large":false,"large":false,"1536x1536":false,"2048x2048":false,"lifterlms_certificate_background":false,"llms_notification_icon":false},"uagb_author_info":{"display_name":"Marcelo S.Petraglia","author_link":"https:\/\/marcelopetraglia.com.br\/?author=2"},"uagb_comment_info":0,"uagb_excerpt":"forma\u00e7\u00e3o musical b\u00e1sica forma\u00e7\u00e3o acad\u00eamica Curr\u00edculo Lattes forma\u00e7\u00e3o complementar projetos atuais parcerias com empresas que realizam trabalhos no \u00e2mbito organizacional: Atuo desde 1998 em projetos de desenvolvimento organizacional tendo conduzido oficinas com atividades musicais para as seguintes empresas: Abbott &#8211; Brasil \/ ABN-AMRO \/ Banco Ita\u00fa \/ BASF \/ BBV &#8211; Banco \/ Byof\u00f3rmula \/&hellip;","coauthors":[],"author_meta":{"author_link":"https:\/\/marcelopetraglia.com.br\/?author=2","display_name":"Marcelo S.Petraglia"},"relative_dates":{"created":"Publicado 4 anos atr\u00e1s","modified":"Atualizado 9 horas atr\u00e1s"},"absolute_dates":{"created":"Publicado em 13\/06\/2022","modified":"Atualizado em 30\/04\/2026"},"absolute_dates_time":{"created":"Publicado em 13\/06\/2022 18:52","modified":"Atualizado em 30\/04\/2026 16:12"},"featured_img_caption":"","featured_img":false,"series_order":"","_links":{"self":[{"href":"https:\/\/marcelopetraglia.com.br\/index.php?rest_route=\/wp\/v2\/pages\/1470","targetHints":{"allow":["GET"]}}],"collection":[{"href":"https:\/\/marcelopetraglia.com.br\/index.php?rest_route=\/wp\/v2\/pages"}],"about":[{"href":"https:\/\/marcelopetraglia.com.br\/index.php?rest_route=\/wp\/v2\/types\/page"}],"author":[{"embeddable":true,"href":"https:\/\/marcelopetraglia.com.br\/index.php?rest_route=\/wp\/v2\/users\/2"}],"replies":[{"embeddable":true,"href":"https:\/\/marcelopetraglia.com.br\/index.php?rest_route=%2Fwp%2Fv2%2Fcomments&post=1470"}],"version-history":[{"count":36,"href":"https:\/\/marcelopetraglia.com.br\/index.php?rest_route=\/wp\/v2\/pages\/1470\/revisions"}],"predecessor-version":[{"id":9814,"href":"https:\/\/marcelopetraglia.com.br\/index.php?rest_route=\/wp\/v2\/pages\/1470\/revisions\/9814"}],"wp:attachment":[{"href":"https:\/\/marcelopetraglia.com.br\/index.php?rest_route=%2Fwp%2Fv2%2Fmedia&parent=1470"}],"curies":[{"name":"wp","href":"https:\/\/api.w.org\/{rel}","templated":true}]}}