{"id":16,"date":"2015-04-26T01:04:51","date_gmt":"2015-04-26T01:04:51","guid":{"rendered":"http:\/\/marcelopetraglia.com.br\/mp\/?page_id=16"},"modified":"2025-04-03T22:38:44","modified_gmt":"2025-04-03T22:38:44","slug":"textos","status":"publish","type":"page","link":"https:\/\/marcelopetraglia.com.br\/?page_id=16","title":{"rendered":"textos"},"content":{"rendered":"\n<p>salvo indicado, todos os texto s\u00e3o de autoria de Marcelo S. Petraglia e podem ser baixados e utilizados livremente, sem autoriza\u00e7\u00e3o pr\u00e9via, desde que citada a fonte.<\/p>\n\n\n\n<p>est\u00e3o organizados nas categorias:<\/p>\n\n\n\n<p><a href=\"http:\/\/marcelopetraglia.com.br\/mp\/?page_id=16#artigos\">artigos<\/a> &#8211; textos acad\u00eamicos e reflex\u00f5es mais estruturadas sobre a m\u00fasica e o ser humano.<br><a href=\"http:\/\/marcelopetraglia.com.br\/mp\/?page_id=16#letras\">letras livres<\/a><a name=\"artigos\"><\/a> &#8211; textos em linguagem informal sobre temas diversos.<\/p>\n\n\n\n<hr class=\"wp-block-separator has-alpha-channel-opacity is-style-wide\"\/>\n\n\n\n<figure class=\"wp-block-image\"><img decoding=\"async\" src=\"http:\/\/www.marcelopetraglia.com.br\/mp_imagem\/agua_02.jpg\" alt=\"\"\/><\/figure>\n\n\n<ul class=\"lcp_catlist\" id=\"lcp_instance_0\"><li><a href=\"https:\/\/marcelopetraglia.com.br\/?p=160\">a experi\u00eancia da consci\u00eancia<\/a><p class=\"lcp_excerpt\">publicado originalmente no Boletim da Sociedade Antropos\u00f3fica no Brasil N. 73 \/ 2014\n<\/p><\/li><li><a href=\"https:\/\/marcelopetraglia.com.br\/?p=174\">a m\u00fasica e sua rela\u00e7\u00e3o com o ser humano<\/a><p class=\"lcp_excerpt\">livro que apresenta os diversos elementos e processos musicais na sua rela\u00e7\u00e3o com o ser humano. Editora OuvirAtivo, 2010, 224 pg.\n<\/p><\/li><li><a href=\"https:\/\/marcelopetraglia.com.br\/?p=1013\">a pausa na m\u00fasica e na vida: suas muitas qualidades<\/a><p class=\"lcp_excerpt\">Este texto se baseia na transcri\u00e7\u00e3o de duas lives realizadas nos dias 8 e 23 de junho 2020, em meio a pandemia do Covid-19, organizadas respectivamente pelo EcoSocial e pela Faculdade Rudolf Steiner &#8211; S\u00e3o Paulo \u2013 Brasil\n<\/p><\/li><li><a href=\"https:\/\/marcelopetraglia.com.br\/?p=178\">arte como caminho de conhecimento<\/a><p class=\"lcp_excerpt\">publicado originalmente no Boletim da Sociedade Antropos\u00f3fica no Brasil N. 71 \/ 2013\n<\/p><\/li><li><a href=\"https:\/\/marcelopetraglia.com.br\/?p=365\">considera\u00e7\u00f5es sobre o tempo musical<\/a><p class=\"lcp_excerpt\">cap\u00edtulo do livro &#8220;A m\u00fasica e sua rela\u00e7\u00e3o com o ser humano&#8221;\n<\/p><\/li><li><a href=\"https:\/\/marcelopetraglia.com.br\/?p=586\">contribui\u00e7\u00e3o \u00e0 compreens\u00e3o da musicalidade a partir de uma pesquisa psicossocial<\/a><p class=\"lcp_excerpt\">por Marcelo S. Petraglia e Arley Andriolo\nPublicado na Revista ERAS \u2013 EUROPEAN REVIEW OF ARTISTIC STUDIES 2018, vol. 9, n. 1, pp. 1-19 ISSN 1647-3558.\n<\/p><\/li><li><a href=\"https:\/\/marcelopetraglia.com.br\/?p=196\">ecoando resson\u00e2ncias da educa\u00e7\u00e3o ambiental: por uma ecologia sonora sens\u00edvel<\/a><p class=\"lcp_excerpt\">sobre a experi\u00eancias de uma oficina de ecologia sonora no Bairro Dem\u00e9tria &#8211; Botucatu &#8211; SP\nReigota, M; Catunda, M; Petraglia, M; Sinto, C.\nartigo publicado na revista ERAS &#8211; EUROPEAN REVIEW OF ARTISTIC STUDIES      2011, vol.2, n.1, pp. 64-83 ISSN 1647-3558\n<\/p><\/li><li><a href=\"https:\/\/marcelopetraglia.com.br\/?p=317\">educa\u00e7\u00e3o musical: da impress\u00e3o \u00e0 express\u00e3o<\/a><p class=\"lcp_excerpt\">texto originalmente publicado em JORD\u00c3O, G. et al. (org.) A musica na escola. S\u00e3o Paulo: Allucci. 2012.\n<\/p><\/li><li><a href=\"https:\/\/marcelopetraglia.com.br\/?p=7444\">esbo\u00e7o para uma modelagem musical de processos sociais<\/a><p class=\"lcp_excerpt\">Este estudo surgiu como uma tentativa de dar forma a uma ideia\/pergunta que h\u00e1 muitos anos ronda minha mente: como tornar musicalmente aud\u00edvel, ou seja, sob forma de uma experi\u00eancia est\u00e9tica imediata, os modos e qualidades das rela\u00e7\u00f5es sociais?\n<\/p><\/li><li><a href=\"https:\/\/marcelopetraglia.com.br\/?p=357\">estudos sobre a a\u00e7\u00e3o de vibra\u00e7\u00f5es ac\u00fasticas e m\u00fasica em organismos vegetais<\/a><p class=\"lcp_excerpt\">disserta\u00e7\u00e3o apresentada ao Instituto de Bioci\u00eancias da UNESP &#8211; Botucatu, para obten\u00e7\u00e3o do t\u00edtulo de Mestre no Programa de PG em Biologia Geral e Aplicada.\n<\/p><\/li><li><a href=\"https:\/\/marcelopetraglia.com.br\/?p=363\">fen\u00f4menos complexos: cientistas tamb\u00e9m usam seu ouvido musical !<\/a><p class=\"lcp_excerpt\">por Marcelo S. Petraglia &#038; Ivan Amaral Guerrini\nLabCaos &#8211; Instituto de Bioci\u00eancias, UNESP, Botucatu \u2013 SP\n<\/p><\/li><li><a href=\"https:\/\/marcelopetraglia.com.br\/?p=9153\">gestos para as qualidades din\u00e2micas tonais e temporais da m\u00fasica<\/a><p class=\"lcp_excerpt\">\nNo documento abaixo voc\u00ea encontrar\u00e1 uma descri\u00e7\u00e3o geral desta proposta, que tem como prop\u00f3sito auxiliar a viv\u00eancia e apreens\u00e3o das qualidades din\u00e2micas dos tons e ciclos m\u00e9tricos da m\u00fasica. Trata-se de uma pr\u00e1tica em desenvolvimento e portanto sujeita aprimoramentos. Envie suas sugest\u00f5es e coment\u00e1rios aqui.\n\n\ngestos-e-passos_mp_251125Baixar\n\n\n\n\n\nNeste v\u00eddeo fa\u00e7o uma demonstra\u00e7\u00e3o dos elementos b\u00e1sicos desta proposta.\n\n\n\n\nhttps:\/\/youtu.be\/kFhYTEM5GXw\n\n\n\n<\/p><\/li><li><a href=\"https:\/\/marcelopetraglia.com.br\/?p=304\">humanamente musicar<\/a><p class=\"lcp_excerpt\">publicado originalmente em: Prata da Casa 6 \u2013 escritas e depoimentos sobre a g\u00eanese, trajet\u00f3ria e perspectivas do Grupo MAIS. S\u00e3o Paulo: Obor\u00e9, 2013.\n<\/p><\/li><li><a href=\"https:\/\/marcelopetraglia.com.br\/?p=310\">musicalidade: um atributo humano<\/a><p class=\"lcp_excerpt\">publicado originalmente no Boletim da Sociedade Antropos\u00f3fica no Brasil N. 70 \/ 2013.\n<\/p><\/li><li><a href=\"https:\/\/marcelopetraglia.com.br\/?p=291\">o fazer musical como caminho de conhecimento de si e conhecimento do outro no contexto empresarial<\/a><p class=\"lcp_excerpt\">tese de doutorado apresentada ao Programa de P\u00f3s Gradua\u00e7\u00e3o em Psicologia Social do Instituto de Psicologia da USP. \n<\/p><\/li><li><a href=\"https:\/\/marcelopetraglia.com.br\/?p=314\">o fazer musical na empresa em di\u00e1logo com a musicoterapia<\/a><p class=\"lcp_excerpt\">Marcelo S. Petraglia e Greg\u00f3rio J. P. de Queiroz\npublicado na Revista ERAS &#8211; EUROPEAN REVIEW OF ARTISTIC STUDIES 2013, vol. 4, n. 2, pp. 1-27 ISSN 1647-3558.\n<\/p><\/li><li><a href=\"https:\/\/marcelopetraglia.com.br\/?p=337\">um olhar integrado sobre os instrumentos musicais<\/a><p class=\"lcp_excerpt\">trabalho apresentado originalmente no X F\u00f3rum Paulista de Musicoterapia &#8211; S\u00e3o Paulo 2010.\n<\/p><\/li><li><a href=\"https:\/\/marcelopetraglia.com.br\/?p=971\">victor zuckerkandl &#8211; um garimpo biogr\u00e1fico<\/a><p class=\"lcp_excerpt\">Sobre a biografia de Victor Zuckerkandl: m\u00fasico e fil\u00f3sofo.\n<\/p><\/li><\/ul>\n\n\n\n<hr class=\"wp-block-separator has-alpha-channel-opacity is-style-wide\"\/>\n\n\n\n<figure class=\"wp-block-image\"><img decoding=\"async\" src=\"http:\/\/www.marcelopetraglia.com.br\/mp_imagem\/agua_01.jpg\" alt=\"\"\/><\/figure>\n\n\n\n<p><a name=\"letras\"><\/a><\/p>\n\n\n<ul class=\"lcp_catlist\" id=\"lcp_instance_0\"><li><a href=\"https:\/\/marcelopetraglia.com.br\/?p=156\">a arte de ouvir<\/a><p class=\"lcp_excerpt\">por Luiz Ant\u00f4nio Moreira e Marcelo S. Petraglia\n<\/p><\/li><li><a href=\"https:\/\/marcelopetraglia.com.br\/?p=206\">crescendo com m\u00fasica<\/a><p class=\"lcp_excerpt\">o papel da m\u00fasica no desenvolvimento da crian\u00e7a\npublicado originalmente na revista Ch\u00e3o &#038; Gente N. 1 Junho 1994\n<\/p><\/li><li><a href=\"https:\/\/marcelopetraglia.com.br\/?p=1166\">editorial GEPES &#8211; conversa sobre ecologia ac\u00fastica, ecologia sonora e m\u00fasica<\/a><p class=\"lcp_excerpt\">Conversa sobre Ecologia Ac\u00fastica, Ecologia Sonora e M\u00fasica com o professor e pesquisador Dr. Marcelo Petraglia.\n<\/p><\/li><li><a href=\"https:\/\/marcelopetraglia.com.br\/?p=319\">Ernst F. F. Chladni<\/a><p class=\"lcp_excerpt\">uma breve biografia do &#8220;pai da ac\u00fastica&#8221; e descobridor das Figuras de Chladni.\n<\/p><\/li><li><a href=\"https:\/\/marcelopetraglia.com.br\/?p=353\">figuras vibrat\u00f3rias<\/a><p class=\"lcp_excerpt\">tomando uma placa de metal ou vidro, espalhando uma fina camada de areia sobre ela e passando um arco de violino em sua borda fazendo-a vibrar, Ernst Chladni (1756-1827) observou que a areia formava surpreendentes padr\u00f5es geom\u00e9tricos.\n<\/p><\/li><li><a href=\"https:\/\/marcelopetraglia.com.br\/?p=345\">MuseScore &#8211; um software de nota\u00e7\u00e3o musical 10!<\/a><p class=\"lcp_excerpt\">Depois de anos usando programas de edi\u00e7\u00e3o de partituras, descobri esta \u00f3tima ferramenta.\n<\/p><\/li><li><a href=\"https:\/\/marcelopetraglia.com.br\/?p=192\">o canto da Fenix<\/a><p class=\"lcp_excerpt\">lenda encontrada no livro: Lebendige Tonwelt de Hermann Pfrogner\ntradu\u00e7\u00e3o de Marcelo S. Petraglia\n<\/p><\/li><li><a href=\"https:\/\/marcelopetraglia.com.br\/?p=351\">o harmon\u00f3grafo<\/a><p class=\"lcp_excerpt\">o harmon\u00f3grafo \u00e9 um &#8220;brinquedo cient\u00edfico&#8221; composto por um conjunto integrado de p\u00eandulos que acionam uma caneta. Esta registra no papel o movimento resultante do sistema.\n<\/p><\/li><li><a href=\"https:\/\/marcelopetraglia.com.br\/?p=461\">o tom r\u00e9<\/a><p class=\"lcp_excerpt\">Sobre o R\u00e9 como centro do nosso sistema de tons. Se n\u00e3o uma explica\u00e7\u00e3o, pelo menos a apresenta\u00e7\u00e3o das raz\u00f5es e considera\u00e7\u00f5es que me levaram a tal percep\u00e7\u00e3o e entendimento.\n<\/p><\/li><li><a href=\"https:\/\/marcelopetraglia.com.br\/?p=455\">pesquisa sonora e musical<\/a><p class=\"lcp_excerpt\">Seja como compositor, m\u00fasico ou professor, sempre senti um forte desejo de compreender o efeito que o som e a m\u00fasica t\u00eam sobre as pessoas e o meio ambiente. Qual o significado e que sentido tem esse monte de tons e tempos que despejamos nos ouvidos dos outros?\n<\/p><\/li><li><a href=\"https:\/\/marcelopetraglia.com.br\/?p=321\">Rudolf Steiner<\/a><p class=\"lcp_excerpt\">uma apresenta\u00e7\u00e3o da vida e obra do fil\u00f3sofo e fundador da Antroposofia.\n<\/p><\/li><li><a href=\"https:\/\/marcelopetraglia.com.br\/?p=6745\">sobre a afina\u00e7\u00e3o do l\u00e1: 432Hz x 440Hz<\/a><p class=\"lcp_excerpt\">\nMarcelo S. Petraglia(ultima revis\u00e3o 20\/5\/2024)\n\n\nAo longo dos \u00faltimos anos tenho, com certa frequ\u00eancia, recebido perguntas sobre a diferen\u00e7a e pertin\u00eancia da afina\u00e7\u00e3o do tom L\u00e1 em 432 Hz ou 440 Hz. Em resposta \u00e0 esta quest\u00e3o seguem algumas considera\u00e7\u00f5es:\n\n\n1) Historicamente, sabe-se que a frequ\u00eancia de refer\u00eancia para o L\u00e1 j\u00e1 foi bem mais alta e ...<\/p><\/li><li><a href=\"https:\/\/marcelopetraglia.com.br\/?p=150\">unidade dissonante<\/a><p class=\"lcp_excerpt\">coment\u00e1rio sobre a m\u00fasica &#8220;Images&#8221; de Oliver Nelson do \u00e1lbum Straight Ahead  de Oliver Nelson &#038; Eric Dolphy (Selo Prestige).\n<\/p><\/li><li><a href=\"https:\/\/marcelopetraglia.com.br\/?p=300\">use GNU\/Linux !<\/a><p class=\"lcp_excerpt\">Depois de quase duas d\u00e9cadas de Windows, resolvi mudar de sistema operacional . Veja porque!\n<\/p><\/li><\/ul>\n\n\n\n<p><\/p>\n","protected":false},"excerpt":{"rendered":"<p>salvo indicado, todos os texto s\u00e3o de autoria de Marcelo S. Petraglia e podem ser baixados e utilizados livremente, sem autoriza\u00e7\u00e3o pr\u00e9via, desde que citada a fonte. est\u00e3o organizados nas categorias: artigos &#8211; textos acad\u00eamicos e reflex\u00f5es mais estruturadas sobre a m\u00fasica e o ser humano.letras livres &#8211; textos em linguagem informal sobre temas diversos.<\/p>\n","protected":false},"author":2,"featured_media":0,"parent":0,"menu_order":0,"comment_status":"closed","ping_status":"open","template":"","meta":{"_uag_custom_page_level_css":"","advgb_blocks_editor_width":"","advgb_blocks_columns_visual_guide":"","site-sidebar-layout":"right-sidebar","site-content-layout":"plain-container","ast-site-content-layout":"normal-width-container","site-content-style":"unboxed","site-sidebar-style":"unboxed","ast-global-header-display":"","ast-banner-title-visibility":"","ast-main-header-display":"","ast-hfb-above-header-display":"","ast-hfb-below-header-display":"","ast-hfb-mobile-header-display":"","site-post-title":"","ast-breadcrumbs-content":"","ast-featured-img":"","footer-sml-layout":"","ast-disable-related-posts":"","theme-transparent-header-meta":"","adv-header-id-meta":"","stick-header-meta":"","header-above-stick-meta":"","header-main-stick-meta":"","header-below-stick-meta":"","astra-migrate-meta-layouts":"set","ast-page-background-enabled":"default","ast-page-background-meta":{"desktop":{"background-color":"var(--ast-global-color-4)","background-image":"","background-repeat":"repeat","background-position":"center center","background-size":"auto","background-attachment":"scroll","background-type":"","background-media":"","overlay-type":"","overlay-color":"","overlay-opacity":"","overlay-gradient":""},"tablet":{"background-color":"","background-image":"","background-repeat":"repeat","background-position":"center center","background-size":"auto","background-attachment":"scroll","background-type":"","background-media":"","overlay-type":"","overlay-color":"","overlay-opacity":"","overlay-gradient":""},"mobile":{"background-color":"","background-image":"","background-repeat":"repeat","background-position":"center center","background-size":"auto","background-attachment":"scroll","background-type":"","background-media":"","overlay-type":"","overlay-color":"","overlay-opacity":"","overlay-gradient":""}},"ast-content-background-meta":{"desktop":{"background-color":"var(--ast-global-color-5)","background-image":"","background-repeat":"repeat","background-position":"center center","background-size":"auto","background-attachment":"scroll","background-type":"","background-media":"","overlay-type":"","overlay-color":"","overlay-opacity":"","overlay-gradient":""},"tablet":{"background-color":"var(--ast-global-color-5)","background-image":"","background-repeat":"repeat","background-position":"center center","background-size":"auto","background-attachment":"scroll","background-type":"","background-media":"","overlay-type":"","overlay-color":"","overlay-opacity":"","overlay-gradient":""},"mobile":{"background-color":"var(--ast-global-color-5)","background-image":"","background-repeat":"repeat","background-position":"center center","background-size":"auto","background-attachment":"scroll","background-type":"","background-media":"","overlay-type":"","overlay-color":"","overlay-opacity":"","overlay-gradient":""}},"pgc_sgb_lightbox_settings":"","footnotes":""},"class_list":["post-16","page","type-page","status-publish","hentry"],"uagb_featured_image_src":{"full":false,"thumbnail":false,"medium":false,"medium_large":false,"large":false,"1536x1536":false,"2048x2048":false,"lifterlms_certificate_background":false,"llms_notification_icon":false},"uagb_author_info":{"display_name":"Marcelo S.Petraglia","author_link":"https:\/\/marcelopetraglia.com.br\/?author=2"},"uagb_comment_info":0,"uagb_excerpt":"salvo indicado, todos os texto s\u00e3o de autoria de Marcelo S. Petraglia e podem ser baixados e utilizados livremente, sem autoriza\u00e7\u00e3o pr\u00e9via, desde que citada a fonte. est\u00e3o organizados nas categorias: artigos &#8211; textos acad\u00eamicos e reflex\u00f5es mais estruturadas sobre a m\u00fasica e o ser humano.letras livres &#8211; textos em linguagem informal sobre temas diversos.","coauthors":[],"author_meta":{"author_link":"https:\/\/marcelopetraglia.com.br\/?author=2","display_name":"Marcelo S.Petraglia"},"relative_dates":{"created":"Publicado 11 anos atr\u00e1s","modified":"Atualizado 1 ano atr\u00e1s"},"absolute_dates":{"created":"Publicado em 26\/04\/2015","modified":"Atualizado em 03\/04\/2025"},"absolute_dates_time":{"created":"Publicado em 26\/04\/2015 01:04","modified":"Atualizado em 03\/04\/2025 22:38"},"featured_img_caption":"","featured_img":false,"series_order":"","_links":{"self":[{"href":"https:\/\/marcelopetraglia.com.br\/index.php?rest_route=\/wp\/v2\/pages\/16","targetHints":{"allow":["GET"]}}],"collection":[{"href":"https:\/\/marcelopetraglia.com.br\/index.php?rest_route=\/wp\/v2\/pages"}],"about":[{"href":"https:\/\/marcelopetraglia.com.br\/index.php?rest_route=\/wp\/v2\/types\/page"}],"author":[{"embeddable":true,"href":"https:\/\/marcelopetraglia.com.br\/index.php?rest_route=\/wp\/v2\/users\/2"}],"replies":[{"embeddable":true,"href":"https:\/\/marcelopetraglia.com.br\/index.php?rest_route=%2Fwp%2Fv2%2Fcomments&post=16"}],"version-history":[{"count":46,"href":"https:\/\/marcelopetraglia.com.br\/index.php?rest_route=\/wp\/v2\/pages\/16\/revisions"}],"predecessor-version":[{"id":7890,"href":"https:\/\/marcelopetraglia.com.br\/index.php?rest_route=\/wp\/v2\/pages\/16\/revisions\/7890"}],"wp:attachment":[{"href":"https:\/\/marcelopetraglia.com.br\/index.php?rest_route=%2Fwp%2Fv2%2Fmedia&parent=16"}],"curies":[{"name":"wp","href":"https:\/\/api.w.org\/{rel}","templated":true}]}}